{"id":212070,"date":"2023-12-04T16:23:48","date_gmt":"2023-12-04T19:23:48","guid":{"rendered":"http:\/\/tepualrentacar.cl\/web\/?page_id=212070"},"modified":"2023-12-05T13:10:54","modified_gmt":"2023-12-05T16:10:54","slug":"volswagen-gol","status":"publish","type":"page","link":"https:\/\/tepualrentacar.cl\/web\/volswagen-gol\/","title":{"rendered":"VOLSWAGEN GOL"},"content":{"rendered":"<p>[et_pb_section fb_built=&#8221;1&#8243; fullwidth=&#8221;on&#8221; _builder_version=&#8221;3.0.97&#8243; custom_padding=&#8221;0px|0px|0px|0px&#8221;][et_pb_fullwidth_header title=&#8221;VOLSWAGEN GOL&#8221; text_orientation=&#8221;center&#8221; header_fullscreen=&#8221;on&#8221; header_scroll_down=&#8221;on&#8221; scroll_down_icon=&#8221;%%8%%&#8221; scroll_down_icon_color=&#8221;#e02b20&#8243; scroll_down_icon_size=&#8221;46px&#8221; background_overlay_color=&#8221;rgba(0,0,0,0.23)&#8221; _builder_version=&#8221;3.12.2&#8243; title_font=&#8221;Poppins|600||on|||||&#8221; title_text_color=&#8221;#f4f4f4&#8243; title_font_size=&#8221;47px&#8221; background_color=&#8221;rgba(255,255,255,0)&#8221; background_image=&#8221;http:\/\/tepualrentacar.cl\/web\/wp-content\/uploads\/2023\/12\/WhatsApp-Image-2023-11-24-at-11.37.02-1.jpeg&#8221; background_layout=&#8221;light&#8221;]&nbsp;<br \/>\n[\/et_pb_fullwidth_header][\/et_pb_section][et_pb_section fb_built=&#8221;1&#8243; _builder_version=&#8221;3.0.97&#8243; custom_padding=&#8221;54px|0px|4px|0px&#8221;][et_pb_row _builder_version=&#8221;3.0.97&#8243;][et_pb_column type=&#8221;1_2&#8243; _builder_version=&#8221;3.0.47&#8243; parallax=&#8221;off&#8221; parallax_method=&#8221;on&#8221;][et_pb_text _builder_version=&#8221;3.12.2&#8243; text_font=&#8221;Lato|900|||||||&#8221; link_font=&#8221;||||||||&#8221; ul_font=&#8221;||||||||&#8221; header_font=&#8221;||||||||&#8221; header_2_font=&#8221;Lato|900|||||||&#8221; header_2_text_align=&#8221;center&#8221; header_2_font_size=&#8221;32px&#8221; header_5_font=&#8221;||||||||&#8221; text_orientation=&#8221;right&#8221; custom_margin=&#8221;20px|||&#8221; custom_padding=&#8221;|||&#8221;]<\/p>\n<div class=\"col-lg-2 col-md-2 col-sm-2 text-right\">\n<h2><\/h2>\n<h2><\/h2>\n<\/div>\n<p>[\/et_pb_text][\/et_pb_column][et_pb_column type=&#8221;1_2&#8243; _builder_version=&#8221;3.0.47&#8243; parallax=&#8221;off&#8221; parallax_method=&#8221;on&#8221;][et_pb_image src=&#8221;http:\/\/tepualrentacar.cl\/web\/wp-content\/uploads\/2018\/09\/Gran-i10-HYUNDAI_Mesa-de-trabajo-1.jpg&#8221; _builder_version=&#8221;3.0.97&#8243;]&nbsp;<br \/>\n[\/et_pb_image][\/et_pb_column][\/et_pb_row][\/et_pb_section][et_pb_section fb_built=&#8221;1&#8243; admin_label=&#8221;12 Days of Christmas &#8211; Day 07 Blurb Module 1&#8243; module_class=&#8221;day7-blurb day7-blurb1&#8243; _builder_version=&#8221;3.0.97&#8243; background_color=&#8221;#ffffff&#8221; background_image=&#8221;http:\/\/tepualrentacar.cl\/web\/wp-content\/uploads\/2018\/09\/background1.png&#8221; custom_padding=&#8221;0vh||12vh|&#8221;][et_pb_row custom_padding=&#8221;27px|0px|79px|0px|false|false&#8221; _builder_version=&#8221;3.12.2&#8243;][et_pb_column type=&#8221;1_2&#8243; _builder_version=&#8221;3.0.47&#8243; parallax=&#8221;off&#8221; parallax_method=&#8221;on&#8221;][et_pb_image src=&#8221;http:\/\/tepualrentacar.cl\/web\/wp-content\/uploads\/2023\/12\/WhatsApp-Image-2023-11-24-at-11.37.02-1.jpeg&#8221; _builder_version=&#8221;3.12.2&#8243;][\/et_pb_image][\/et_pb_column][et_pb_column type=&#8221;1_2&#8243; _builder_version=&#8221;3.0.47&#8243; parallax=&#8221;off&#8221; parallax_method=&#8221;on&#8221;][et_pb_image src=&#8221;http:\/\/tepualrentacar.cl\/web\/wp-content\/uploads\/2018\/10\/grand-2.jpg&#8221; _builder_version=&#8221;3.12.2&#8243;][\/et_pb_image][\/et_pb_column][\/et_pb_row][et_pb_row custom_padding=&#8221;27px|0px|27px|0px&#8221; _builder_version=&#8221;3.0.97&#8243;][et_pb_column type=&#8221;4_4&#8243; _builder_version=&#8221;3.0.47&#8243; parallax=&#8221;off&#8221; parallax_method=&#8221;on&#8221;][et_pb_tabs _builder_version=&#8221;3.12.2&#8243; tab_font=&#8221;||||||||&#8221; body_font=&#8221;||||||||&#8221; box_shadow_style=&#8221;preset3&#8243; box_shadow_horizontal=&#8221;1px&#8221; box_shadow_vertical=&#8221;9px&#8221; box_shadow_blur=&#8221;71px&#8221;][et_pb_tab title=&#8221;Caracteristicas&#8221; _builder_version=&#8221;3.12.2&#8243; tab_font=&#8221;Poppins|700|||||||&#8221; tab_text_color=&#8221;#444444&#8243; tab_font_size=&#8221;16px&#8221; tab_letter_spacing=&#8221;1px&#8221; body_font=&#8221;Poppins||||||||&#8221; body_text_color=&#8221;#757575&#8243;]<\/p>\n<p style=\"text-align: center;\">Excelente combinaci\u00f3n de dise\u00f1o, seguridad y confiabilidad, un veh\u00edculo que representa la verdadera gen\u00e9tica de Volkswagen. Su dise\u00f1o exterior es con l\u00edneas largas, esquinas redondeadas y superficies lisas. Es un auto que rompe esquemas de dise\u00f1o inconfundible y con un magn\u00edfico desempe\u00f1o en carretera. En su interior tambi\u00e9n tiene sorpresas, el Volkswagen Gol est\u00e1 totalmente enfocado en el estilo, comodidad y funcionalidad. El espacio es amplio y los compartimentos tambi\u00e9n, hecho que genera un orden y est\u00e9tica que sin duda te cautivar\u00e1<\/p>\n<p>[\/et_pb_tab][et_pb_tab title=&#8221;Descripcion &#8221; _builder_version=&#8221;3.12.2&#8243; tab_font=&#8221;Poppins|700|||||||&#8221; tab_text_color=&#8221;#444444&#8243; tab_font_size=&#8221;16px&#8221; tab_letter_spacing=&#8221;1px&#8221; body_font=&#8221;Poppins||||||||&#8221;][\/et_pb_tab][\/et_pb_tabs][\/et_pb_column][\/et_pb_row][et_pb_row _builder_version=&#8221;3.0.97&#8243; module_alignment=&#8221;center&#8221;][et_pb_column type=&#8221;4_4&#8243; _builder_version=&#8221;3.0.47&#8243; parallax=&#8221;off&#8221; parallax_method=&#8221;on&#8221;][et_pb_cta title=&#8221;Contratar automovil&#8221; button_url=&#8221;http:\/\/tepualrentacar.cl\/web\/contactos\/&#8221; button_text=&#8221;Ir a Contactos&#8221; _builder_version=&#8221;3.12.2&#8243; header_font=&#8221;Poppins|700|||||||&#8221; header_text_align=&#8221;center&#8221; header_text_color=&#8221;#000000&#8243; header_font_size=&#8221;34&#8243; header_font_size_tablet=&#8221;30&#8243; header_font_size_phone=&#8221;26&#8243; header_font_size_last_edited=&#8221;on|phone&#8221; header_line_height=&#8221;1.4em&#8221; body_font=&#8221;Lato||||||||&#8221; body_text_align=&#8221;center&#8221; body_text_color=&#8221;#8d8d8d&#8221; body_font_size=&#8221;18&#8243; use_background_color=&#8221;off&#8221; custom_button=&#8221;on&#8221; button_text_size=&#8221;18&#8243; button_text_color=&#8221;#ffffff&#8221; button_bg_color=&#8221;rgba(224,11,0,0.75)&#8221; button_border_width=&#8221;0&#8243; button_border_radius=&#8221;25px&#8221; button_font=&#8221;Poppins|500|||||||&#8221; button_use_icon=&#8221;off&#8221; button_text_color_hover=&#8221;#ffffff&#8221; button_bg_color_hover=&#8221;#e00b00&#8243; button_border_radius_hover=&#8221;25px&#8221; button_alignment=&#8221;center&#8221; text_orientation=&#8221;left&#8221; custom_css_promo_description=&#8221;padding-bottom: 2.6vw;&#8221; custom_css_promo_button=&#8221;padding: 12px 41px !important;&#8221; custom_css_promo_title=&#8221;padding-bottom: 23px;&#8221;]Para contratar servicio dirigirse a contactos y rellenar formulario con<br \/>\nespecificando el modelo de automovil<br \/>\n[\/et_pb_cta][\/et_pb_column][\/et_pb_row][\/et_pb_section][et_pb_section fb_built=&#8221;1&#8243; _builder_version=&#8221;3.0.97&#8243; background_color=&#8221;#f7f7f7&#8243; background_color_gradient_direction=&#8221;117deg&#8221;][et_pb_row _builder_version=&#8221;3.0.97&#8243;][et_pb_column type=&#8221;4_4&#8243; _builder_version=&#8221;3.0.47&#8243; parallax=&#8221;off&#8221; parallax_method=&#8221;on&#8221;][et_pb_text _builder_version=&#8221;3.0.97&#8243; text_font=&#8221;Poppins|700|||||||&#8221; text_text_color=&#8221;#303030&#8243; text_font_size=&#8221;29px&#8221; text_letter_spacing=&#8221;1px&#8221; text_orientation=&#8221;center&#8221;]Nuestra Flota de Veh\u00edculos<br \/>\n[\/et_pb_text][\/et_pb_column][\/et_pb_row][et_pb_row module_class=&#8221;seis-columnas&#8221; _builder_version=&#8221;3.12.2&#8243;][et_pb_column type=&#8221;4_4&#8243; _builder_version=&#8221;3.0.47&#8243; parallax=&#8221;off&#8221; parallax_method=&#8221;on&#8221;][et_pb_blurb title=&#8221;volkswagen gol&#8221; url=&#8221;https:\/\/tepualrentacar.cl\/web\/volswagen-gol\/&#8221; image=&#8221;http:\/\/tepualrentacar.cl\/web\/wp-content\/uploads\/2023\/12\/WhatsApp-Image-2023-11-24-at-11.37.02-1.jpeg&#8221; admin_label=&#8221;Day 07 Blurb Module 1 &#8211; Icon 99&#215;93 pixels&#8221; module_class=&#8221;blurb6&#8243; _builder_version=&#8221;3.12.2&#8243; header_font=&#8221;Poppins|500||on|||||&#8221; header_text_color=&#8221;#000000&#8243; header_font_size=&#8221;15px&#8221; body_font=&#8221;Poppins||||||||&#8221; body_text_color=&#8221;#b3b3b3&#8243; body_font_size=&#8221;12px&#8221; background_size=&#8221;initial&#8221; background_position=&#8221;top_left&#8221; background_repeat=&#8221;repeat&#8221; border_width_all=&#8221;1px&#8221; border_color_all=&#8221;#e8e8e8&#8243; text_orientation=&#8221;center&#8221; max_width_tablet=&#8221;50px&#8221; custom_margin=&#8221;||0px|&#8221; custom_margin_last_edited=&#8221;on|phone&#8221; custom_padding=&#8221;1vw|1vw|0vw|1vw&#8221; custom_css_main_element=&#8221;cursor: pointer;||box-shadow: 0px 4px 47px 0px rgba(160, 190, 212, 0.22);||border-radius: 10px;&#8221; custom_css_blurb_image=&#8221; margin-bottom: 4px;&#8221; custom_css_blurb_title=&#8221; padding-bottom: 20px;|| padding-top: 8px;||font-size:18px;&#8221; saved_tabs=&#8221;advanced,css&#8221;][\/et_pb_blurb][et_pb_blurb title=&#8221;mitsubishi l200&#8243; url=&#8221;http:\/\/tepualrentacar.cl\/web\/mitsubishi-l200\/&#8221; image=&#8221;http:\/\/tepualrentacar.cl\/web\/wp-content\/uploads\/2021\/02\/mitsubishi_l200-barbarian-svp-double-cab-uk-2017_r11.jpg&#8221; admin_label=&#8221;Day 07 Blurb Module 1 &#8211; Icon 99&#215;93 pixels&#8221; module_class=&#8221;blurb6&#8243; _builder_version=&#8221;3.12.2&#8243; header_font=&#8221;Poppins|500||on|||||&#8221; header_text_color=&#8221;#000000&#8243; header_font_size=&#8221;15px&#8221; body_font=&#8221;Poppins||||||||&#8221; body_text_color=&#8221;#b3b3b3&#8243; body_font_size=&#8221;12px&#8221; background_size=&#8221;initial&#8221; background_position=&#8221;top_left&#8221; background_repeat=&#8221;repeat&#8221; border_width_all=&#8221;1px&#8221; border_color_all=&#8221;#e8e8e8&#8243; text_orientation=&#8221;center&#8221; max_width_tablet=&#8221;50px&#8221; custom_margin=&#8221;||0px|&#8221; custom_margin_last_edited=&#8221;on|phone&#8221; custom_padding=&#8221;1vw|1vw|0vw|1vw&#8221; custom_css_main_element=&#8221;cursor: pointer;||box-shadow: 0px 4px 47px 0px rgba(160, 190, 212, 0.22);||border-radius: 10px;&#8221; custom_css_blurb_image=&#8221; margin-bottom: 4px;&#8221; custom_css_blurb_title=&#8221; padding-bottom: 20px;|| padding-top: 8px;||font-size:18px;&#8221; saved_tabs=&#8221;advanced,css&#8221;][\/et_pb_blurb][et_pb_blurb title=&#8221;Nissan march &#8221; url=&#8221;http:\/\/tepualrentacar.cl\/web\/nissan-march\/&#8221; image=&#8221;http:\/\/tepualrentacar.cl\/web\/wp-content\/uploads\/2018\/09\/nissan-march-9.jpg&#8221; admin_label=&#8221;Day 07 Blurb Module 1 &#8211; Icon 99&#215;93 pixels&#8221; module_class=&#8221;blurb6&#8243; _builder_version=&#8221;3.12.2&#8243; header_font=&#8221;Poppins|500||on|||||&#8221; header_text_color=&#8221;#000000&#8243; header_font_size=&#8221;15px&#8221; body_font=&#8221;Poppins||||||||&#8221; body_text_color=&#8221;#b3b3b3&#8243; body_font_size=&#8221;12px&#8221; background_size=&#8221;initial&#8221; background_position=&#8221;top_left&#8221; background_repeat=&#8221;repeat&#8221; border_width_all=&#8221;1px&#8221; border_color_all=&#8221;#e8e8e8&#8243; text_orientation=&#8221;center&#8221; max_width_tablet=&#8221;50px&#8221; custom_margin=&#8221;||0px|&#8221; custom_margin_last_edited=&#8221;on|phone&#8221; custom_padding=&#8221;1vw|1vw|0vw|1vw&#8221; custom_css_main_element=&#8221;cursor: pointer;||box-shadow: 0px 4px 47px 0px rgba(160, 190, 212, 0.22);||border-radius: 10px;&#8221; custom_css_blurb_image=&#8221; margin-bottom: 4px;&#8221; custom_css_blurb_title=&#8221; padding-bottom: 20px;|| padding-top: 8px;||font-size:18px;&#8221; saved_tabs=&#8221;advanced,css&#8221;][\/et_pb_blurb][et_pb_blurb title=&#8221;Renault Symbol &#8221; url=&#8221;http:\/\/tepualrentacar.cl\/web\/renault-symbol\/&#8221; image=&#8221;http:\/\/tepualrentacar.cl\/web\/wp-content\/uploads\/2018\/09\/renault-symbol-slider-1.jpg&#8221; admin_label=&#8221;Day 07 Blurb Module 1 &#8211; Icon 99&#215;93 pixels&#8221; module_class=&#8221;blurb6&#8243; _builder_version=&#8221;3.12.2&#8243; header_font=&#8221;Poppins|500||on|||||&#8221; header_text_color=&#8221;#000000&#8243; header_font_size=&#8221;15px&#8221; body_font=&#8221;Poppins||||||||&#8221; body_text_color=&#8221;#b3b3b3&#8243; body_font_size=&#8221;12px&#8221; background_size=&#8221;initial&#8221; background_position=&#8221;top_left&#8221; background_repeat=&#8221;repeat&#8221; border_width_all=&#8221;1px&#8221; border_color_all=&#8221;#e8e8e8&#8243; text_orientation=&#8221;center&#8221; max_width_tablet=&#8221;50px&#8221; custom_margin=&#8221;||0px|&#8221; custom_margin_last_edited=&#8221;on|phone&#8221; custom_padding=&#8221;1vw|1vw|0vw|1vw&#8221; custom_css_main_element=&#8221;cursor: pointer;||box-shadow: 0px 4px 47px 0px rgba(160, 190, 212, 0.22);||border-radius: 10px;&#8221; custom_css_blurb_image=&#8221; margin-bottom: 4px;&#8221; custom_css_blurb_title=&#8221; padding-bottom: 20px;|| padding-top: 8px;||font-size:18px;&#8221; saved_tabs=&#8221;advanced,css&#8221;][\/et_pb_blurb][et_pb_blurb title=&#8221; Volkswagen voyage&#8221; url=&#8221;http:\/\/tepualrentacar.cl\/web\/wolkswagen-voyage\/&#8221; image=&#8221;http:\/\/tepualrentacar.cl\/web\/wp-content\/uploads\/2018\/09\/wolkswagen-voyage-4.jpg&#8221; admin_label=&#8221;Day 07 Blurb Module 1 &#8211; Icon 99&#215;93 pixels&#8221; module_class=&#8221;blurb6&#8243; _builder_version=&#8221;3.12.2&#8243; header_font=&#8221;Poppins|500||on|||||&#8221; header_text_color=&#8221;#000000&#8243; header_font_size=&#8221;13px&#8221; body_font=&#8221;Poppins||||||||&#8221; body_text_color=&#8221;#b3b3b3&#8243; body_font_size=&#8221;12px&#8221; background_size=&#8221;initial&#8221; background_position=&#8221;top_left&#8221; background_repeat=&#8221;repeat&#8221; border_width_all=&#8221;1px&#8221; border_color_all=&#8221;#e8e8e8&#8243; text_orientation=&#8221;center&#8221; max_width_tablet=&#8221;50px&#8221; custom_margin=&#8221;||0px|&#8221; custom_margin_last_edited=&#8221;on|phone&#8221; custom_padding=&#8221;1vw|1vw|0vw|1vw&#8221; custom_css_main_element=&#8221;cursor: pointer;||box-shadow: 0px 4px 47px 0px rgba(160, 190, 212, 0.22);||border-radius: 10px;&#8221; custom_css_blurb_image=&#8221; margin-bottom: 4px;&#8221; custom_css_blurb_title=&#8221; padding-bottom: 20px;|| padding-top: 8px;||font-size:18px;&#8221; saved_tabs=&#8221;advanced,css&#8221;][\/et_pb_blurb][et_pb_blurb title=&#8221;toyota rav-4&#8243; url=&#8221;http:\/\/tepualrentacar.cl\/web\/toyota-rav-4&#8243; image=&#8221;http:\/\/tepualrentacar.cl\/web\/wp-content\/uploads\/2018\/11\/aef4ae4be5d65fd1d8da2d8755b8ce6a.jpg&#8221; admin_label=&#8221;Day 07 Blurb Module 1 &#8211; Icon 99&#215;93 pixels&#8221; module_class=&#8221;blurb6&#8243; _builder_version=&#8221;3.12.2&#8243; header_font=&#8221;Poppins|500||on|||||&#8221; header_text_color=&#8221;#000000&#8243; header_font_size=&#8221;15px&#8221; body_font=&#8221;Poppins||||||||&#8221; body_text_color=&#8221;#b3b3b3&#8243; body_font_size=&#8221;12px&#8221; background_size=&#8221;initial&#8221; background_position=&#8221;top_left&#8221; background_repeat=&#8221;repeat&#8221; border_width_all=&#8221;1px&#8221; border_color_all=&#8221;#e8e8e8&#8243; text_orientation=&#8221;center&#8221; max_width_tablet=&#8221;50px&#8221; custom_margin=&#8221;||0px|&#8221; custom_margin_last_edited=&#8221;on|phone&#8221; custom_padding=&#8221;1vw|1vw|0vw|1vw&#8221; custom_css_main_element=&#8221;cursor: pointer;||box-shadow: 0px 4px 47px 0px rgba(160, 190, 212, 0.22);||border-radius: 10px;&#8221; custom_css_blurb_image=&#8221; margin-bottom: 4px;&#8221; custom_css_blurb_title=&#8221; padding-bottom: 20px;|| padding-top: 8px;||font-size:18px;&#8221; saved_tabs=&#8221;advanced,css&#8221;][\/et_pb_blurb][\/et_pb_column][\/et_pb_row][\/et_pb_section][et_pb_section fb_built=&#8221;1&#8243; _builder_version=&#8221;3.12.2&#8243; background_color=&#8221;#f7f7f7&#8243; custom_padding=&#8221;129px|0px|65px|0px|false|false&#8221; top_divider_height=&#8221;33px&#8221; bottom_divider_style=&#8221;curve2&#8243; bottom_divider_color=&#8221;#ffffff&#8221; bottom_divider_height=&#8221;39px&#8221; global_module=&#8221;211804&#8243;][et_pb_row use_custom_gutter=&#8221;on&#8221; gutter_width=&#8221;2&#8243; admin_label=&#8221;Services Row&#8221; _builder_version=&#8221;3.3.1&#8243;][et_pb_column type=&#8221;1_4&#8243; _builder_version=&#8221;3.0.47&#8243; parallax=&#8221;off&#8221; parallax_method=&#8221;on&#8221;][et_pb_blurb title=&#8221;Seguro de Colici\u00f3n &#8221; image=&#8221;http:\/\/tepualrentacar.cl\/web\/wp-content\/uploads\/2018\/11\/escudo.png&#8221; image_max_width=&#8221;64px&#8221; admin_label=&#8221;Service&#8221; _builder_version=&#8221;3.12.2&#8243; header_font=&#8221;Oswald|||on|||||&#8221; header_text_align=&#8221;center&#8221; header_letter_spacing=&#8221;3px&#8221; header_line_height=&#8221;1.7em&#8221; body_font=&#8221;Lora||||||||&#8221; body_font_size=&#8221;16px&#8221; body_line_height=&#8221;2em&#8221; text_orientation=&#8221;center&#8221; animation_style=&#8221;fade&#8221; animation=&#8221;off&#8221;][\/et_pb_blurb][\/et_pb_column][et_pb_column type=&#8221;1_4&#8243; _builder_version=&#8221;3.0.47&#8243; parallax=&#8221;off&#8221; parallax_method=&#8221;on&#8221;][et_pb_blurb title=&#8221;Asistencia en Ruta&#8221; image=&#8221;http:\/\/tepualrentacar.cl\/web\/wp-content\/uploads\/2018\/11\/coche-con-llave-inglesa.png&#8221; image_max_width=&#8221;64px&#8221; admin_label=&#8221;Service&#8221; _builder_version=&#8221;3.12.2&#8243; header_font=&#8221;Oswald|||on|||||&#8221; header_text_align=&#8221;center&#8221; header_letter_spacing=&#8221;3px&#8221; header_line_height=&#8221;1.7em&#8221; body_font=&#8221;Lora||||||||&#8221; body_font_size=&#8221;16px&#8221; body_line_height=&#8221;2em&#8221; text_orientation=&#8221;center&#8221; animation_style=&#8221;fade&#8221; animation_delay=&#8221;100ms&#8221; animation=&#8221;off&#8221;][\/et_pb_blurb][\/et_pb_column][et_pb_column type=&#8221;1_4&#8243; _builder_version=&#8221;3.0.47&#8243; parallax=&#8221;off&#8221; parallax_method=&#8221;on&#8221;][et_pb_blurb title=&#8221;pago con tarjeta&#8221; image=&#8221;http:\/\/tepualrentacar.cl\/web\/wp-content\/uploads\/2018\/11\/pago-con-tarjetas-de-credito.png&#8221; image_max_width=&#8221;64px&#8221; admin_label=&#8221;Service&#8221; _builder_version=&#8221;3.12.2&#8243; header_font=&#8221;Oswald|||on|||||&#8221; header_text_align=&#8221;center&#8221; header_letter_spacing=&#8221;3px&#8221; header_line_height=&#8221;1.7em&#8221; body_font=&#8221;Lora||||||||&#8221; body_font_size=&#8221;16px&#8221; body_line_height=&#8221;2em&#8221; text_orientation=&#8221;center&#8221; animation_style=&#8221;fade&#8221; animation_delay=&#8221;200ms&#8221; animation=&#8221;off&#8221;][\/et_pb_blurb][\/et_pb_column][et_pb_column type=&#8221;1_4&#8243; _builder_version=&#8221;3.0.47&#8243; parallax=&#8221;off&#8221; parallax_method=&#8221;on&#8221;][et_pb_blurb title=&#8221;conductor adicional&#8221; image=&#8221;http:\/\/tepualrentacar.cl\/web\/wp-content\/uploads\/2018\/11\/hombre-de-entrega.png&#8221; image_max_width=&#8221;64px&#8221; admin_label=&#8221;Service&#8221; _builder_version=&#8221;3.12.2&#8243; header_font=&#8221;Oswald|||on|||||&#8221; header_text_align=&#8221;center&#8221; header_letter_spacing=&#8221;3px&#8221; header_line_height=&#8221;1.7em&#8221; body_font=&#8221;Lora||||||||&#8221; body_font_size=&#8221;16px&#8221; body_line_height=&#8221;2em&#8221; text_orientation=&#8221;center&#8221; animation_style=&#8221;fade&#8221; animation_delay=&#8221;300ms&#8221; animation=&#8221;off&#8221;][\/et_pb_blurb][\/et_pb_column][\/et_pb_row][\/et_pb_section][et_pb_section fb_built=&#8221;1&#8243; _builder_version=&#8221;3.12.2&#8243; global_module=&#8221;211805&#8243;][et_pb_row custom_padding=&#8221;27px|0px|0|0px|false|false&#8221; _builder_version=&#8221;3.12.2&#8243;][et_pb_column type=&#8221;1_4&#8243; _builder_version=&#8221;3.0.47&#8243; parallax=&#8221;off&#8221; parallax_method=&#8221;on&#8221;][et_pb_blurb image=&#8221;http:\/\/tepualrentacar.cl\/web\/wp-content\/uploads\/2018\/11\/toyota.png&#8221; _builder_version=&#8221;3.12.2&#8243;]<\/p>\n<p>\u00a0<\/p>\n<p>[\/et_pb_blurb][\/et_pb_column][et_pb_column type=&#8221;1_4&#8243; _builder_version=&#8221;3.0.47&#8243; parallax=&#8221;off&#8221; parallax_method=&#8221;on&#8221;][et_pb_blurb image=&#8221;http:\/\/tepualrentacar.cl\/web\/wp-content\/uploads\/2018\/09\/logo-hyunday-e1523647935741.jpg&#8221; _builder_version=&#8221;3.12.2&#8243;]<\/p>\n<p>\u00a0<\/p>\n<p>[\/et_pb_blurb][\/et_pb_column][et_pb_column type=&#8221;1_4&#8243; _builder_version=&#8221;3.0.47&#8243; parallax=&#8221;off&#8221; parallax_method=&#8221;on&#8221;][et_pb_blurb image=&#8221;http:\/\/tepualrentacar.cl\/web\/wp-content\/uploads\/2018\/09\/Volkswagen-logo.png&#8221; _builder_version=&#8221;3.12.2&#8243;]<\/p>\n<p>\u00a0<\/p>\n<p>[\/et_pb_blurb][\/et_pb_column][et_pb_column type=&#8221;1_4&#8243; _builder_version=&#8221;3.0.47&#8243; parallax=&#8221;off&#8221; parallax_method=&#8221;on&#8221;][et_pb_blurb image=&#8221;http:\/\/tepualrentacar.cl\/web\/wp-content\/uploads\/2018\/09\/cliente-16a03951c3f152970a6ff4b315a28e7e-2017-01-13-164212.jpg&#8221; _builder_version=&#8221;3.12.2&#8243;]<\/p>\n<p>\u00a0<\/p>\n<p>[\/et_pb_blurb][\/et_pb_column][\/et_pb_row][et_pb_row custom_padding=&#8221;0px||0px|&#8221; _builder_version=&#8221;3.12.2&#8243;][et_pb_column type=&#8221;1_4&#8243; _builder_version=&#8221;3.0.47&#8243; parallax=&#8221;off&#8221; parallax_method=&#8221;on&#8221;][\/et_pb_column][et_pb_column type=&#8221;1_4&#8243; _builder_version=&#8221;3.0.47&#8243; parallax=&#8221;off&#8221; parallax_method=&#8221;on&#8221;][et_pb_blurb image=&#8221;http:\/\/tepualrentacar.cl\/web\/wp-content\/uploads\/2018\/09\/e383e148061fd93ed1fb08cadda8399e-1.png&#8221; _builder_version=&#8221;3.12.2&#8243;]<\/p>\n<p>\u00a0<\/p>\n<p>[\/et_pb_blurb][\/et_pb_column][et_pb_column type=&#8221;1_4&#8243; _builder_version=&#8221;3.0.47&#8243; parallax=&#8221;off&#8221; parallax_method=&#8221;on&#8221;][et_pb_blurb image=&#8221;http:\/\/tepualrentacar.cl\/web\/wp-content\/uploads\/2018\/09\/7300af3507d35887a1b77f45764e614a.png&#8221; _builder_version=&#8221;3.12.2&#8243;]<\/p>\n<p>\u00a0<\/p>\n<p>[\/et_pb_blurb][\/et_pb_column][et_pb_column type=&#8221;1_4&#8243; _builder_version=&#8221;3.0.47&#8243; parallax=&#8221;off&#8221; parallax_method=&#8221;on&#8221;][\/et_pb_column][\/et_pb_row][\/et_pb_section][et_pb_section fb_built=&#8221;1&#8243; _builder_version=&#8221;3.12.2&#8243; background_color=&#8221;#3c3d41&#8243; custom_padding=&#8221;0px||0px|&#8221; custom_padding_tablet=&#8221;0px||0px|&#8221; transparent_background=&#8221;off&#8221; padding_mobile=&#8221;on&#8221; global_module=&#8221;211671&#8243; saved_tabs=&#8221;all&#8221;][et_pb_row use_custom_gutter=&#8221;on&#8221; gutter_width=&#8221;2&#8243; custom_padding=&#8221;50px||50px|&#8221; padding_mobile=&#8221;on&#8221; column_padding_mobile=&#8221;on&#8221; parallax_method_1=&#8221;off&#8221; parallax_method_2=&#8221;off&#8221; parallax_method_3=&#8221;off&#8221; _builder_version=&#8221;3.0.47&#8243; background_size=&#8221;initial&#8221; background_position=&#8221;top_left&#8221; background_repeat=&#8221;repeat&#8221;][et_pb_column type=&#8221;1_4&#8243; _builder_version=&#8221;3.0.47&#8243; column_padding_mobile=&#8221;on&#8221; parallax=&#8221;off&#8221; parallax_method=&#8221;off&#8221;][et_pb_text _builder_version=&#8221;3.0.97&#8243; text_font=&#8221;Raleway|on|||&#8221; text_text_color=&#8221;#ffffff&#8221; text_font_size=&#8221;28&#8243; text_line_height=&#8221;1.4em&#8221; background_size=&#8221;initial&#8221; background_position=&#8221;top_left&#8221; background_repeat=&#8221;repeat&#8221; custom_margin=&#8221;||8px|&#8221; custom_css_main_element=&#8221;font-weight: 900;&#8221; use_border_color=&#8221;off&#8221; border_color=&#8221;#ffffff&#8221; border_style=&#8221;solid&#8221;]<\/p>\n<p><img loading=\"lazy\" decoding=\"async\" class=\"wp-image-210713 alignnone size-medium\" src=\"http:\/\/tepualrentacar.cl\/web\/wp-content\/uploads\/2018\/09\/LOGO-TEPUAL-RENT-A-CAR-BLANCO_Mesa-de-trabajo-1-300x212.png\" alt=\"\" width=\"136\" height=\"96\" \/><\/p>\n<p>[\/et_pb_text][\/et_pb_column][et_pb_column type=&#8221;1_4&#8243; _builder_version=&#8221;3.0.47&#8243; column_padding_mobile=&#8221;on&#8221; parallax=&#8221;off&#8221; parallax_method=&#8221;off&#8221;][et_pb_text _builder_version=&#8221;3.12.2&#8243; text_font=&#8221;Source Sans Pro|on|||&#8221; text_text_color=&#8221;#666666&#8243; text_font_size=&#8221;18&#8243; text_line_height=&#8221;1.4em&#8221; background_size=&#8221;initial&#8221; background_position=&#8221;top_left&#8221; background_repeat=&#8221;repeat&#8221; custom_margin=&#8221;||8px|&#8221; use_border_color=&#8221;off&#8221; border_color=&#8221;#ffffff&#8221; border_style=&#8221;solid&#8221;]<\/p>\n<p>Menu<\/p>\n<p>[\/et_pb_text][et_pb_text _builder_version=&#8221;3.12.2&#8243; text_font=&#8221;Source Sans Pro||||&#8221; text_text_color=&#8221;#ffffff&#8221; text_font_size=&#8221;18&#8243; text_line_height=&#8221;2.2em&#8221; background_size=&#8221;initial&#8221; background_position=&#8221;top_left&#8221; background_repeat=&#8221;repeat&#8221; custom_padding=&#8221;0px|||&#8221; use_border_color=&#8221;off&#8221; border_color=&#8221;#ffffff&#8221; border_style=&#8221;solid&#8221;]<\/p>\n<p><span style=\"color: #ffffff;\"><a style=\"color: #ffffff;\" href=\"http:\/\/tepualrentacar.cl\/web\">Inicio<\/a><\/span><br \/><span style=\"color: #ffffff;\"><a style=\"color: #ffffff;\" href=\"http:\/\/tepualrentacar.cl\/web\/quienes-somos\/\">Quienes Somos<\/a><\/span><br \/><span style=\"color: #ffffff;\"><a style=\"color: #ffffff;\" href=\"http:\/\/tepualrentacar.cl\/web\/nuestra-flota\/\">Nuestra Flota<\/a><\/span><br \/><span style=\"color: #ffffff;\"><a style=\"color: #ffffff;\" href=\"http:\/\/tepualrentacar.cl\/web\/servicios\/\">Servicios<\/a><\/span><br \/><span style=\"color: #ffffff;\"><a style=\"color: #ffffff;\" href=\"http:\/\/tepualrentacar.cl\/web\/contactos\/\">Contactos<\/a><\/span><\/p>\n<p>[\/et_pb_text][\/et_pb_column][et_pb_column type=&#8221;1_4&#8243; _builder_version=&#8221;3.0.47&#8243; column_padding_mobile=&#8221;on&#8221; parallax=&#8221;off&#8221; parallax_method=&#8221;off&#8221;][et_pb_text _builder_version=&#8221;3.0.97&#8243; text_font=&#8221;Source Sans Pro|on|||&#8221; text_text_color=&#8221;#666666&#8243; text_font_size=&#8221;18&#8243; text_line_height=&#8221;1.4em&#8221; background_size=&#8221;initial&#8221; background_position=&#8221;top_left&#8221; background_repeat=&#8221;repeat&#8221; custom_margin=&#8221;||8px|&#8221; use_border_color=&#8221;off&#8221; border_color=&#8221;#ffffff&#8221; border_style=&#8221;solid&#8221;]<\/p>\n<p>Necesitas Ayuda?<\/p>\n<p>[\/et_pb_text][et_pb_text _builder_version=&#8221;3.12.2&#8243; text_font=&#8221;Source Sans Pro||||&#8221; text_text_color=&#8221;#ffffff&#8221; text_font_size=&#8221;18px&#8221; text_line_height=&#8221;2.2em&#8221; header_font=&#8221;||||||||&#8221; header_font_size=&#8221;32px&#8221; header_line_height=&#8221;1.1em&#8221; background_size=&#8221;initial&#8221; background_position=&#8221;top_left&#8221; background_repeat=&#8221;repeat&#8221; custom_padding=&#8221;0px|||&#8221; use_border_color=&#8221;off&#8221; border_color=&#8221;#ffffff&#8221; border_style=&#8221;solid&#8221;]<\/p>\n<p>Llamanos al:<br \/><span style=\"color: #ffffff;\"><a style=\"color: #ffffff;\" href=\"tel:+56971071322\">+56971071322<\/a> \u00a0\/ \u00a0+<a style=\"color: #ffffff;\" href=\"tel:+56972612317\">56972612317<\/a><\/span><br \/><span style=\"color: #ffffff;\">T<\/span><span style=\"color: #ffffff;\">epual. Puerto Montt, Chile Direcci\u00f3n : El Tepual S\/N <\/span><br \/><span style=\"color: #ffffff;\">Tepual. Osorno, Chile. <\/span><br \/><span style=\"color: #ffffff;\">Direcci\u00f3n: Ca\u00f1al Bajo S\/N <\/span><br \/><span style=\"color: #ffffff;\">Tepual. <\/span><span style=\"color: #ffffff;\">Valdivia, Chile. <\/span><br \/><span style=\"color: #ffffff;\">Direcci\u00f3n : Pichoy S\/N<\/span><\/p>\n<p>[\/et_pb_text][\/et_pb_column][et_pb_column type=&#8221;1_4&#8243; _builder_version=&#8221;3.0.47&#8243; column_padding_mobile=&#8221;on&#8221; parallax=&#8221;off&#8221; parallax_method=&#8221;on&#8221;][et_pb_text _builder_version=&#8221;3.0.97&#8243; text_font=&#8221;Source Sans Pro|on|||&#8221; text_text_color=&#8221;#666666&#8243; text_font_size=&#8221;18&#8243; text_line_height=&#8221;1.4em&#8221; background_size=&#8221;initial&#8221; background_position=&#8221;top_left&#8221; background_repeat=&#8221;repeat&#8221; custom_margin=&#8221;||8px|&#8221; use_border_color=&#8221;off&#8221; border_color=&#8221;#ffffff&#8221; border_style=&#8221;solid&#8221;]<\/p>\n<p>Siguenos en Facebook<\/p>\n<p>[\/et_pb_text][et_pb_social_media_follow _builder_version=&#8221;3.0.97&#8243; border_radii=&#8221;on|100%|100%|100%|100%&#8221; link_shape=&#8221;circle&#8221;][et_pb_social_media_follow_network social_network=&#8221;facebook&#8221; url=&#8221;https:\/\/www.facebook.com\/Tepual-Rent-a-Car-Puerto-Montt-1806176209688479\/&#8221; _builder_version=&#8221;3.0.97&#8243; background_color=&#8221;#3b5998&#8243; border_radii=&#8221;on|5px|5px|5px|5px&#8221; border_color_all=&#8221;#260ab2&#8243; border_width_right=&#8221;0px&#8221; custom_margin=&#8221;|||&#8221; custom_padding=&#8221;5px|5px|5px|5px&#8221; bg_color=&#8221;#3b5998&#8243; link_shape=&#8221;circle&#8221; follow_button=&#8221;off&#8221; url_new_window=&#8221;on&#8221;]facebook[\/et_pb_social_media_follow_network][\/et_pb_social_media_follow][et_pb_text _builder_version=&#8221;3.12.2&#8243; text_font=&#8221;Source Sans Pro|on|||&#8221; text_text_color=&#8221;#666666&#8243; text_font_size=&#8221;18&#8243; text_line_height=&#8221;1.4em&#8221; background_size=&#8221;initial&#8221; background_position=&#8221;top_left&#8221; background_repeat=&#8221;repeat&#8221; custom_margin=&#8221;||8px|&#8221; use_border_color=&#8221;off&#8221; border_color=&#8221;#ffffff&#8221; border_style=&#8221;solid&#8221;]<\/p>\n<p class=\"_2nlv\"><span id=\"fb-timeline-cover-name\" class=\"_2t_q\" data-testid=\"profile_name_in_profile_page\">Estacionamientos Tepual<\/span><\/p>\n<p>[\/et_pb_text][et_pb_social_media_follow _builder_version=&#8221;3.0.97&#8243; border_radii=&#8221;on|100%|100%|100%|100%&#8221; link_shape=&#8221;circle&#8221;][et_pb_social_media_follow_network social_network=&#8221;facebook&#8221; url=&#8221;https:\/\/www.facebook.com\/burbujas.smartwash&#8221; _builder_version=&#8221;3.0.97&#8243; background_color=&#8221;#529bd3&#8243; use_background_color_gradient=&#8221;on&#8221; background_color_gradient_start=&#8221;#9b3006&#8243; background_color_gradient_end=&#8221;#d9e52d&#8221; border_radii=&#8221;on|5px|5px|5px|5px&#8221; border_color_all=&#8221;#260ab2&#8243; border_width_right=&#8221;0px&#8221; custom_margin=&#8221;|||&#8221; custom_padding=&#8221;5px|5px|5px|5px&#8221; bg_color=&#8221;#3b5998&#8243; link_shape=&#8221;circle&#8221; follow_button=&#8221;off&#8221; url_new_window=&#8221;on&#8221;]facebook[\/et_pb_social_media_follow_network][\/et_pb_social_media_follow][et_pb_divider show_divider=&#8221;off&#8221; height=&#8221;10&#8243; disabled_on=&#8221;on|on|off&#8221; _builder_version=&#8221;3.12.2&#8243; hide_on_mobile=&#8221;on&#8221;][\/et_pb_divider][et_pb_button button_url=&#8221;http:\/\/tepualrentacar.cl\/web\/contactos\/&#8221; button_text=&#8221;LLAMAR AQU\u00cd &#8221; button_alignment=&#8221;center&#8221; _builder_version=&#8221;3.12.2&#8243; custom_button=&#8221;on&#8221; button_text_size=&#8221;18&#8243; button_text_color=&#8221;#ffffff&#8221; button_bg_color=&#8221;rgba(224,11,0,0.75)&#8221; button_border_color=&#8221;rgba(224,11,0,0)&#8221; button_border_radius=&#8221;100&#8243; button_font=&#8221;Source Sans Pro||||&#8221; button_use_icon=&#8221;default&#8221; button_text_color_hover=&#8221;#ffffff&#8221; button_bg_color_hover=&#8221;#a31300&#8243; button_border_color_hover=&#8221;#a31300&#8243; button_border_radius_hover=&#8221;100&#8243; custom_css_main_element=&#8221;width:100%;||&#8221;][\/et_pb_button][\/et_pb_column][\/et_pb_row][\/et_pb_section]<\/p>\n","protected":false},"excerpt":{"rendered":"<p>&nbsp; &nbsp; Excelente combinaci\u00f3n de dise\u00f1o, seguridad y confiabilidad, un veh\u00edculo que representa la verdadera gen\u00e9tica de Volkswagen. Su dise\u00f1o exterior es con l\u00edneas largas, esquinas redondeadas y superficies lisas. Es un auto que rompe esquemas de dise\u00f1o inconfundible y con un magn\u00edfico desempe\u00f1o en carretera. En su interior tambi\u00e9n tiene sorpresas, el Volkswagen Gol [&hellip;]<\/p>\n","protected":false},"author":1,"featured_media":0,"parent":0,"menu_order":0,"comment_status":"closed","ping_status":"closed","template":"","meta":{"_et_pb_use_builder":"on","_et_pb_old_content":"","_et_gb_content_width":"","footnotes":""},"_links":{"self":[{"href":"https:\/\/tepualrentacar.cl\/web\/wp-json\/wp\/v2\/pages\/212070"}],"collection":[{"href":"https:\/\/tepualrentacar.cl\/web\/wp-json\/wp\/v2\/pages"}],"about":[{"href":"https:\/\/tepualrentacar.cl\/web\/wp-json\/wp\/v2\/types\/page"}],"author":[{"embeddable":true,"href":"https:\/\/tepualrentacar.cl\/web\/wp-json\/wp\/v2\/users\/1"}],"replies":[{"embeddable":true,"href":"https:\/\/tepualrentacar.cl\/web\/wp-json\/wp\/v2\/comments?post=212070"}],"version-history":[{"count":4,"href":"https:\/\/tepualrentacar.cl\/web\/wp-json\/wp\/v2\/pages\/212070\/revisions"}],"predecessor-version":[{"id":212097,"href":"https:\/\/tepualrentacar.cl\/web\/wp-json\/wp\/v2\/pages\/212070\/revisions\/212097"}],"wp:attachment":[{"href":"https:\/\/tepualrentacar.cl\/web\/wp-json\/wp\/v2\/media?parent=212070"}],"curies":[{"name":"wp","href":"https:\/\/api.w.org\/{rel}","templated":true}]}}